{"id":767,"date":"2017-06-02T07:24:09","date_gmt":"2017-06-02T07:24:09","guid":{"rendered":"http:\/\/www.icgfundacion.com\/politica-de-privacitat\/"},"modified":"2024-04-12T14:00:08","modified_gmt":"2024-04-12T14:00:08","slug":"politica-de-privacidad","status":"publish","type":"page","link":"http:\/\/www.icgfundacion.com\/es\/politica-de-privacidad\/","title":{"rendered":"Pol\u00edtica de Privacidad"},"content":{"rendered":"<p>[vc_row][vc_column][vc_column_text css=&#8221;.vc_custom_1712930186223{margin-bottom: 25px !important;}&#8221;]<\/p>\n<h3>RESPONSABLE DEL FICHERO DE DATOS PERSONALES<\/h3>\n<p>&nbsp;<\/p>\n<p><strong>Identidad del titular:<\/strong> INICIATIVES DE COMUNICACIONS GEMINIS S.L. (ICG)<br \/>\n<strong>Domicilio:<\/strong> C. Mestral, s\/n, Pol\u00edgono Industrial de Torrefarrera, 25123 Torrefarrera-Lleida (Espa\u00f1a)<br \/>\n<strong>Tel\u00e9fono:<\/strong> +34 973 751 533<br \/>\n<strong>Correo electr\u00f3nico:<\/strong> rgpd@icg.es<\/p>\n<p>&nbsp;<\/p>\n<p lang=\"es-ES\" align=\"justify\"><span style=\"font-family: Arial, sans-serif;\"><span style=\"font-size: medium;\">La comunicaci\u00f3n de datos personales no es un requisito legal, pero ser\u00e1n necesarios en caso de querer formalizar un contrato. En caso de no facilitar los datos necesarios para su ejecuci\u00f3n, podr\u00eda dar lugar a una rescisi\u00f3n o, incluso, a la no formalizaci\u00f3n del mismo.<\/span><\/span><\/p>\n<p>&nbsp;<\/p>\n<hr \/>\n<p>&nbsp;<\/p>\n<h2 class=\"western\" lang=\"es-ES\" align=\"justify\"><strong><span style=\"font-family: Arial, sans-serif;\"><span style=\"font-size: medium;\">\u00bfC\u00d3MO OBTENEMOS SUS DATOS PERSONALES?<\/span><\/span><\/strong><\/h2>\n<p lang=\"es-ES\"><span style=\"font-family: Arial, sans-serif;\"><span style=\"font-size: medium;\">Recogemos sus datos personales en distintas ocasiones:<\/span><\/span><\/p>\n<p lang=\"es-ES\"><span style=\"font-family: Arial, sans-serif;\"><span style=\"font-size: medium;\">Cada vez que contacta directamente con nosotros, en eventos, reuniones, presentaciones, o a trav\u00e9s de los formularios de contacto de nuestras webs corporativas.<\/span><\/span><\/p>\n<h2 class=\"western\" lang=\"es-ES\" align=\"justify\"><strong><span style=\"font-family: Arial, sans-serif;\"><span style=\"font-size: medium;\">FINALIDADES DEL TRATAMIENTO DE LOS DATOS<\/span><\/span><\/strong><\/h2>\n<p lang=\"es-ES\"><span style=\"font-family: Arial, sans-serif;\"><span style=\"font-size: medium;\">Los datos facilitados por el interesado a la Fundaci\u00f3n ICG, tienen como finalidad gestionar sus solicitudes, facilitarle la informaci\u00f3n que necesita y mantenerle informado sobre nuestra acci\u00f3n social.<\/span><\/span><\/p>\n<p lang=\"es-ES\"><span style=\"font-family: Arial, sans-serif;\"><span style=\"font-size: medium;\">No se tratan los datos con objeto del tratamiento automatizado de los datos, incluida la elaboraci\u00f3n de perfiles, que le produzca efectos jur\u00eddicos o le afecte significativamente.<\/span><\/span><\/p>\n<h2 class=\"western\" lang=\"es-ES\"><strong><span style=\"font-family: Arial, sans-serif;\"><span style=\"font-size: medium;\">\u00bfQU\u00c9 DATOS OBTENEMOS?<\/span><\/span><\/strong><\/h2>\n<p lang=\"es-ES\"><span style=\"font-family: Arial, sans-serif;\"><span style=\"font-size: medium;\">Datos de Contacto: nombre, direcci\u00f3n, n\u00fameros de tel\u00e9fono, correo electr\u00f3nico\u2026<\/span><\/span><\/p>\n<p lang=\"es-ES\"><span style=\"font-family: Arial, sans-serif;\"><span style=\"font-size: medium;\">Uso de la web: informaci\u00f3n conseguida a trav\u00e9s de cookies.<\/span><\/span><\/p>\n<p lang=\"es-ES\"><span style=\"font-family: Arial, sans-serif;\"><span style=\"font-size: medium;\">Datos comerciales y fiscales en caso de establecer una relaci\u00f3n contractual.<\/span><\/span><\/p>\n<h2 class=\"western\" lang=\"es-ES\"><strong><span style=\"font-family: Arial, sans-serif;\"><span style=\"font-size: medium;\">LA LEGITIMACI\u00d3N PARA EL TRATAMIENTO DE LOS DATOS<\/span><\/span><\/strong><\/h2>\n<p lang=\"es-ES\"><span style=\"font-family: Arial, sans-serif;\"><span style=\"font-size: medium;\">El tratamiento de sus datos para las finalidades mencionadas con anterioridad, se basa en el consentimiento que nos ha prestado. No obstante, puede retirar el consentimiento en cualquier momento, sin que en ning\u00fan caso, ello condicione la relaci\u00f3n comercial que nos une. Puede retirar dicho consentimiento enviando un correo electr\u00f3nico a rgpd@icg.es<\/span><\/span><\/p>\n<h2 class=\"western\" lang=\"es-ES\"><strong><span style=\"font-family: Arial, sans-serif;\"><span style=\"font-size: medium;\">DESTINATARIOS<\/span><\/span><\/strong><\/h2>\n<p lang=\"es-ES\"><span style=\"font-family: Arial, sans-serif;\"><span style=\"font-size: medium;\">Los datos podr\u00e1n ser comunicados a:<\/span><\/span><\/p>\n<p lang=\"es-ES\"><span style=\"font-family: Arial, sans-serif;\"><span style=\"font-size: medium;\">La autoridad competente en caso que lo solicite.<\/span><\/span><\/p>\n<p lang=\"es-ES\"><span style=\"font-family: Arial, sans-serif;\"><span style=\"font-size: medium;\">Los Bancos y entidades financieras.<\/span><\/span><\/p>\n<p lang=\"es-ES\"><span style=\"font-family: Arial, sans-serif;\"><span style=\"font-size: medium;\">Otras empresas del grupo para fines de administraci\u00f3n y gesti\u00f3n.<\/span><\/span><\/p>\n<p lang=\"es-ES\"><span style=\"font-family: Arial, sans-serif;\"><span style=\"font-size: medium;\">Al canal profesional del Grupo ICG con la finalidad de que sean tratados para atender consultas y solicitudes, ofrecer soporte y asistencia t\u00e9cnica.<\/span><\/span><\/p>\n<h2 class=\"western\" lang=\"es-ES\"><strong><span style=\"font-family: Arial, sans-serif;\"><span style=\"font-size: medium;\">DERECHOS<\/span><\/span><\/strong><\/h2>\n<p lang=\"es-ES\"><span style=\"font-family: Arial, sans-serif;\"><span style=\"font-size: medium;\">El interesado tiene derecho a ejercitar en cualquier momento sus derechos de acceso, rectificaci\u00f3n, cancelaci\u00f3n, y oposici\u00f3n al tratamiento de sus datos, dirigi\u00e9ndose a tal efecto a la direcci\u00f3n de correo electr\u00f3nico &#8220;rgpd@icg.es&#8221;.<\/span><\/span><\/p>\n<p lang=\"es-ES\"><span style=\"font-family: Arial, sans-serif;\"><span style=\"font-size: medium;\">Estos derechos se encuentran regulados en los art\u00edculos 15 a 22 y 34 del Reglamento (UE) 2016\/679 del Parlamento Europeo y del Consejo, de 27 de abril de 2016 (RGPD) y en la Ley Org\u00e1nica 03\/2018, de 5 de diciembre, de Protecci\u00f3n de Datos Personales y garant\u00eda de los derechos digitales (LOPD), en sus art\u00edculos 12 a 18.<\/span><\/span><\/p>\n<p lang=\"es-ES\"><span style=\"font-family: Arial, sans-serif;\"><span style=\"font-size: medium;\">Los mismos, se sintetizan en:<\/span><\/span><\/p>\n<h2 class=\"western\" lang=\"es-ES\"><strong><span style=\"font-family: Arial, sans-serif;\"><span style=\"font-size: medium;\">Derecho de acceso<\/span><\/span><\/strong><\/h2>\n<p lang=\"es-ES\"><span style=\"font-family: Arial, sans-serif;\"><span style=\"font-size: medium;\">Derecho a obtener confirmaci\u00f3n de si se est\u00e1n tratando sus datos, el origen, y derecho de acceso a los datos y a la informaci\u00f3n de los fines del tratamiento, la categor\u00eda de datos personales, los destinatarios de los datos, el plazo previsto para su conservaci\u00f3n o los criterios utilizados para determinarlo, la existencia del derecho a solicitar la rectificaci\u00f3n o la supresi\u00f3n de los datos o la limitaci\u00f3n u oposici\u00f3n del tratamiento y el derecho a presentar una reclamaci\u00f3n ante una autoridad de control.<\/span><\/span><\/p>\n<h2 class=\"western\" lang=\"es-ES\"><strong><span style=\"font-family: Arial, sans-serif;\"><span style=\"font-size: medium;\">Derecho de rectificaci\u00f3n<\/span><\/span><\/strong><\/h2>\n<p lang=\"es-ES\"><span style=\"font-family: Arial, sans-serif;\"><span style=\"font-size: medium;\">Derecho a obtener la rectificaci\u00f3n de los datos personales inexactos y a que se completen los datos personales incompletos.<\/span><\/span><\/p>\n<h2 class=\"western\" lang=\"es-ES\"><strong><span style=\"font-family: Arial, sans-serif;\"><span style=\"font-size: medium;\">Derecho de supresi\u00f3n<\/span><\/span><\/strong><\/h2>\n<p lang=\"es-ES\"><span style=\"font-family: Arial, sans-serif;\"><span style=\"font-size: medium;\">Derecho a obtener la supresi\u00f3n de los datos personales que le conciernan.<\/span><\/span><\/p>\n<p lang=\"es-ES\"><span style=\"font-family: Arial, sans-serif;\"><span style=\"font-size: medium;\">Se except\u00faan aquellos casos en que el tratamiento sea necesario para ejercer el derecho a la libertad de expresi\u00f3n e informaci\u00f3n, para el cumplimiento de una obligaci\u00f3n legal, para el cumplimiento de una misi\u00f3n realizada en inter\u00e9s p\u00fablico o en el ejercicio de poderes p\u00fablicos conferidos al responsable del tratamiento, por razones de inter\u00e9s p\u00fablico en el \u00e1mbito de la salud p\u00fablica, con fines de archivo en inter\u00e9s p\u00fablico, fines de investigaci\u00f3n cient\u00edfica o hist\u00f3rica o fines estad\u00edsticos y para la formulaci\u00f3n, ejercicio o defensa de reclamaciones.<\/span><\/span><\/p>\n<h2 class=\"western\" lang=\"es-ES\"><strong><span style=\"font-family: Arial, sans-serif;\"><span style=\"font-size: medium;\">Derecho a la limitaci\u00f3n del tratamiento<\/span><\/span><\/strong><\/h2>\n<p lang=\"es-ES\"><span style=\"font-family: Arial, sans-serif;\"><span style=\"font-size: medium;\">Derecho a obtener la limitaci\u00f3n del tratamiento cuando:<\/span><\/span><\/p>\n<p lang=\"es-ES\"><span style=\"font-family: Arial, sans-serif;\"><span style=\"font-size: medium;\">a) El interesado impugne la exactitud de los datos, durante un plazo que permita su verificaci\u00f3n.<\/span><\/span><\/p>\n<p lang=\"es-ES\"><span style=\"font-family: Arial, sans-serif;\"><span style=\"font-size: medium;\">b) El tratamiento sea il\u00edcito y el interesado se oponga a la supresi\u00f3n y solicite la limitaci\u00f3n de su uso.<\/span><\/span><\/p>\n<p lang=\"es-ES\"><span style=\"font-family: Arial, sans-serif;\"><span style=\"font-size: medium;\">c) El responsable ya no necesite los datos personales, pero el interesado los necesite para la formulaci\u00f3n, ejercicio o defensa de reclamaciones.<\/span><\/span><\/p>\n<p lang=\"es-ES\"><span style=\"font-family: Arial, sans-serif;\"><span style=\"font-size: medium;\">d) El interesado se haya opuesto al tratamiento, mientras se verifica si los motivos leg\u00edtimos del responsable prevalecen sobre los del interesado.<\/span><\/span><\/p>\n<p lang=\"es-ES\"><span style=\"font-family: Arial, sans-serif;\"><span style=\"font-size: medium;\">Tras obtener la limitaci\u00f3n del tratamiento, derecho a ser informado antes del levantamiento de dicha limitaci\u00f3n.<\/span><\/span><\/p>\n<h2 class=\"western\" lang=\"es-ES\"><span style=\"font-family: Arial, sans-serif;\"><span style=\"font-size: medium;\">Derecho a la portabilidad de los datos<\/span><\/span><\/h2>\n<p lang=\"es-ES\"><span style=\"font-family: Arial, sans-serif;\"><span style=\"font-size: medium;\">Derecho a recibir sus datos personales en un formato estructurado, de uso com\u00fan y lectura mec\u00e1nica, y a transmitirlos a otro responsable del tratamiento.<\/span><\/span><\/p>\n<h2 class=\"western\" lang=\"es-ES\"><strong><span style=\"font-family: Arial, sans-serif;\"><span style=\"font-size: medium;\">Derecho de oposici\u00f3n<\/span><\/span><\/strong><\/h2>\n<p lang=\"es-ES\"><span style=\"font-family: Arial, sans-serif;\"><span style=\"font-size: medium;\">Derecho a oponerse a que datos personales sean objeto de tratamiento, incluida la elaboraci\u00f3n de perfiles. El responsable dejar\u00e1 de tratar los datos personales, salvo que acredite motivos leg\u00edtimos imperiosos para el tratamiento que prevalezcan sobre los intereses, derechos y libertades del interesado, o para la formulaci\u00f3n, ejercicio o defensa de reclamaciones.<\/span><\/span><\/p>\n<h2 class=\"western\" lang=\"es-ES\"><strong><span style=\"font-family: Arial, sans-serif;\"><span style=\"font-size: medium;\">Derecho en la elaboraci\u00f3n de perfiles<\/span><\/span><\/strong><\/h2>\n<p lang=\"es-ES\"><span style=\"font-family: Arial, sans-serif;\"><span style=\"font-size: medium;\">Derecho a no ser objeto de una decisi\u00f3n basada \u00fanicamente en el tratamiento automatizado, incluida la elaboraci\u00f3n de perfiles, que produzca efectos jur\u00eddicos en \u00e9l o le afecte significativamente de modo similar.<\/span><\/span><\/p>\n<h2 class=\"western\" lang=\"es-ES\"><strong><span style=\"font-family: Arial, sans-serif;\"><span style=\"font-size: medium;\">Derecho a ser notificado en brechas de seguridad<\/span><\/span><\/strong><\/h2>\n<p lang=\"es-ES\"><span style=\"font-family: Arial, sans-serif;\"><span style=\"font-size: medium;\">Derecho a ser notificado, sin dilaci\u00f3n indebida, cuando la violaci\u00f3n de la seguridad de los datos personales entra\u00f1e un alto riesgo para los derechos y libertades de las personas f\u00edsicas. Describiendo, en lenguaje claro y sencillo, la naturaleza de la violaci\u00f3n de seguridad de los datos, sus posibles consecuencias, las medidas adoptadas y la informaci\u00f3n de contacto del Delegado de Protecci\u00f3n de Datos.<\/span><\/span><\/p>\n<p lang=\"es-ES\"><span style=\"font-family: Arial, sans-serif;\"><span style=\"font-size: medium;\">Adem\u00e1s de los derechos expuestos, se remarca que el interesado tiene la posibilidad de oponerse al tratamiento de datos y a revocar el consentimiento prestado en cualquier momento, sin que \u00e9sto afecte a la licitud del tratamiento basado en el consentimiento previo a su retirada, comunic\u00e1ndoselo al Delegado de Protecci\u00f3n de Datos mediante el correo electr\u00f3nico facilitado.<\/span><\/span><\/p>\n<h2 class=\"western\" lang=\"es-ES\"><strong><span style=\"font-family: Arial, sans-serif;\"><span style=\"font-size: medium;\">PLAZO DE CONSERVACI\u00d3N DE DATOS<\/span><\/span><\/strong><\/h2>\n<p lang=\"es-ES\"><span style=\"font-family: Arial, sans-serif;\"><span style=\"font-size: medium;\">L<\/span><span style=\"font-size: medium;\">os datos personales se conservar\u00e1n durante un periodo de cinco a\u00f1os desde el primer contacto, salvo que el interesado nos notifique el ejercicio de sus derechos, referenciados anteriormente.<\/span><\/span><\/p>\n<p>[\/vc_column_text][\/vc_column][\/vc_row]<\/p>\n","protected":false},"excerpt":{"rendered":"<p>[vc_row][vc_column][vc_column_text css=&#8221;.vc_custom_1712930186223{margin-bottom: 25px !important;}&#8221;] RESPONSABLE DEL FICHERO DE DATOS PERSONALES &nbsp; Identidad del titular: INICIATIVES DE COMUNICACIONS GEMINIS S.L. (ICG) Domicilio: C. Mestral, s\/n, Pol\u00edgono Industrial de Torrefarrera, 25123 Torrefarrera-Lleida (Espa\u00f1a) Tel\u00e9fono: +34 973 751 533 Correo electr\u00f3nico: rgpd@icg.es &nbsp; La comunicaci\u00f3n de datos personales&#8230;<\/p>\n","protected":false},"author":1,"featured_media":0,"parent":0,"menu_order":0,"comment_status":"closed","ping_status":"closed","template":"","meta":{"footnotes":""},"class_list":["post-767","page","type-page","status-publish","hentry"],"_links":{"self":[{"href":"http:\/\/www.icgfundacion.com\/es\/wp-json\/wp\/v2\/pages\/767","targetHints":{"allow":["GET"]}}],"collection":[{"href":"http:\/\/www.icgfundacion.com\/es\/wp-json\/wp\/v2\/pages"}],"about":[{"href":"http:\/\/www.icgfundacion.com\/es\/wp-json\/wp\/v2\/types\/page"}],"author":[{"embeddable":true,"href":"http:\/\/www.icgfundacion.com\/es\/wp-json\/wp\/v2\/users\/1"}],"replies":[{"embeddable":true,"href":"http:\/\/www.icgfundacion.com\/es\/wp-json\/wp\/v2\/comments?post=767"}],"version-history":[{"count":17,"href":"http:\/\/www.icgfundacion.com\/es\/wp-json\/wp\/v2\/pages\/767\/revisions"}],"predecessor-version":[{"id":1762,"href":"http:\/\/www.icgfundacion.com\/es\/wp-json\/wp\/v2\/pages\/767\/revisions\/1762"}],"wp:attachment":[{"href":"http:\/\/www.icgfundacion.com\/es\/wp-json\/wp\/v2\/media?parent=767"}],"curies":[{"name":"wp","href":"https:\/\/api.w.org\/{rel}","templated":true}]}}