{"id":683,"date":"2017-05-31T15:42:03","date_gmt":"2017-05-31T15:42:03","guid":{"rendered":"http:\/\/www.icgfundacion.com\/icg-fundacio-obra-social\/"},"modified":"2019-10-07T14:28:48","modified_gmt":"2019-10-07T14:28:48","slug":"icg-fundacio-obra-social","status":"publish","type":"page","link":"http:\/\/www.icgfundacion.com\/es\/proyectos\/icg-fundacio-obra-social\/","title":{"rendered":"Obra Social"},"content":{"rendered":"<p>[vc_row][vc_column][vc_column_text]<\/p>\n<div class=\"contentCenter\">\n<div class=\"noneBackground\">\n<div class=\"customWidth\">\n<h1 class=\"titlePage\">COOPERACI\u00d3N E INTEGRACI\u00d3N SOCIAL<\/h1>\n<div class=\"\">\n<p class=\"textExplain\">Desde la Fundaci\u00f3n ICG destinamos parte de nuestros esfuerzos y recursos a la acci\u00f3n social. Colaboramos con otras entidades que trabajan para que j\u00f3venes con dificultades o en peligro de exclusi\u00f3n social puedan construirse un futuro a trav\u00e9s de la formaci\u00f3n. Tambi\u00e9n, Fundaci\u00f3n ICG, est\u00e1 presente y participa activamente en escuelas de segunda oportunidad.<\/p>\n<\/div>\n<div class=\"tripleImgOS fullWidth\"><img loading=\"lazy\" decoding=\"async\" src=\"http:\/\/www.icgfundacion.com\/wp-content\/uploads\/recursos\/obrasocial\/1.png\" alt=\"icgfundaci\u00f3-secci\u00f3-material-tecnologic\" width=\"320\" height=\"190\" \/><img loading=\"lazy\" decoding=\"async\" src=\"http:\/\/www.icgfundacion.com\/wp-content\/uploads\/2019\/05\/4-New-300x177.png\" alt=\"Salesians Sant Jordi\" width=\"320\" height=\"190\" \/><img loading=\"lazy\" decoding=\"async\" src=\"http:\/\/www.icgfundacion.com\/wp-content\/uploads\/recursos\/obrasocial\/4.png\" alt=\"icgfundaci\u00f3-obra-social-ajuda-escoles-de-segona-oportunitat\" width=\"320\" height=\"190\" \/><\/div>\n<div class=\"\">\n<p class=\"textExplain\">Adem\u00e1s, la Fundaci\u00f3n ICG lleva a cabo actuaciones a favor del desarrollo social, laboral y formativo en pa\u00edses subdesarrollados. Nuestras acciones van desde la mejora de infraestructuras de primera necesidad hasta la cesi\u00f3n de tecnolog\u00eda, construcci\u00f3n y reformas de escuelas rurales e infraestructuras culturales.<\/p>\n<\/div>\n<div class=\"tripleImgOS fullWidth\"><img loading=\"lazy\" decoding=\"async\" src=\"http:\/\/www.icgfundacion.com\/wp-content\/uploads\/recursos\/obrasocial\/2.png\" alt=\"icgfundaci\u00f3-obra-social-ajuda-creaci\u00f3-noves-escoles\" width=\"320\" height=\"190\" \/><img loading=\"lazy\" decoding=\"async\" src=\"http:\/\/www.icgfundacion.com\/wp-content\/uploads\/recursos\/obrasocial\/5.png\" alt=\"icgfundaci\u00f3n-obra-social-escuelas-del-tercer-mundo\" width=\"320\" height=\"190\" \/><img loading=\"lazy\" decoding=\"async\" src=\"http:\/\/www.icgfundacion.com\/wp-content\/uploads\/recursos\/obrasocial\/6.png\" alt=\"icgfundaci\u00f3n-obra-social-ayuda-infraestructura-tecnologica\" width=\"320\" height=\"190\" \/><\/div>\n<div class=\"sliderMuseuGeneral\">\n<div class=\"sliderMuseuCalcul\">\n\t\t\t<!-- START mCalcul REVOLUTION SLIDER 6.5.4 --><p class=\"rs-p-wp-fix\"><\/p>\n\t\t\t<rs-module-wrap id=\"rev_slider_3_1_wrapper\" data-source=\"gallery\" style=\"visibility:hidden;background:transparent;padding:0;margin:0px auto;margin-top:0;margin-bottom:0;\">\n\t\t\t\t<rs-module id=\"rev_slider_3_1\" style=\"\" data-version=\"6.5.4\">\n\t\t\t\t\t<rs-slides>\n\t\t\t\t\t\t<rs-slide data-key=\"rs-8\" data-title=\"Slide\" data-thumb=\"\/\/www.icgfundacion.com\/wp-content\/uploads\/2017\/06\/1-100x50.png\" data-duration=\"3000\" data-anim=\"ms:600;\" data-in=\"o:0;\" data-out=\"a:false;\">\n\t\t\t\t\t\t\t<img decoding=\"async\" src=\"\/\/www.icgfundacion.com\/wp-content\/plugins\/revslider\/public\/assets\/assets\/dummy.png\" title=\"Obra Social\" class=\"rev-slidebg tp-rs-img rs-lazyload\" data-lazyload=\"\/\/www.icgfundacion.com\/wp-content\/uploads\/2017\/06\/1.png\" data-parallax=\"off\" data-no-retina>\n<!---->\t\t\t\t\t\t<\/rs-slide>\n\t\t\t\t\t\t<rs-slide data-key=\"rs-21\" data-title=\"Slide\" data-thumb=\"\/\/www.icgfundacion.com\/wp-content\/uploads\/2019\/05\/4-New-100x50.png\" data-anim=\"ms:600;\" data-in=\"o:0;\" data-out=\"a:false;\">\n\t\t\t\t\t\t\t<img decoding=\"async\" src=\"\/\/www.icgfundacion.com\/wp-content\/plugins\/revslider\/public\/assets\/assets\/dummy.png\" title=\"Obra Social\" class=\"rev-slidebg tp-rs-img rs-lazyload\" data-lazyload=\"\/\/www.icgfundacion.com\/wp-content\/uploads\/2019\/05\/4-New.png\" data-parallax=\"off\" data-no-retina>\n<!---->\t\t\t\t\t\t<\/rs-slide>\n\t\t\t\t\t\t<rs-slide data-key=\"rs-11\" data-title=\"Slide\" data-thumb=\"\/\/www.icgfundacion.com\/wp-content\/uploads\/2017\/06\/4-100x50.png\" data-duration=\"3000\" data-anim=\"ms:600;\" data-in=\"o:0;\" data-out=\"a:false;\">\n\t\t\t\t\t\t\t<img decoding=\"async\" src=\"\/\/www.icgfundacion.com\/wp-content\/plugins\/revslider\/public\/assets\/assets\/dummy.png\" title=\"Obra Social\" class=\"rev-slidebg tp-rs-img rs-lazyload\" data-lazyload=\"\/\/www.icgfundacion.com\/wp-content\/uploads\/2017\/06\/4.png\" data-parallax=\"off\" data-no-retina>\n<!---->\t\t\t\t\t\t<\/rs-slide>\n\t\t\t\t\t\t<rs-slide data-key=\"rs-13\" data-title=\"Slide\" data-thumb=\"\/\/www.icgfundacion.com\/wp-content\/uploads\/2017\/06\/2-100x50.png\" data-duration=\"3000\" data-anim=\"ms:600;\" data-in=\"o:0;\" data-out=\"a:false;\">\n\t\t\t\t\t\t\t<img decoding=\"async\" src=\"\/\/www.icgfundacion.com\/wp-content\/plugins\/revslider\/public\/assets\/assets\/dummy.png\" title=\"Obra Social\" class=\"rev-slidebg tp-rs-img rs-lazyload\" data-lazyload=\"\/\/www.icgfundacion.com\/wp-content\/uploads\/2017\/06\/2.png\" data-parallax=\"off\" data-no-retina>\n<!---->\t\t\t\t\t\t<\/rs-slide>\n\t\t\t\t\t\t<rs-slide data-key=\"rs-10\" data-title=\"Slide\" data-thumb=\"\/\/www.icgfundacion.com\/wp-content\/uploads\/2017\/06\/5-100x50.png\" data-duration=\"3000\" data-anim=\"ms:600;\" data-in=\"o:0;\" data-out=\"a:false;\">\n\t\t\t\t\t\t\t<img decoding=\"async\" src=\"\/\/www.icgfundacion.com\/wp-content\/plugins\/revslider\/public\/assets\/assets\/dummy.png\" title=\"Obra Social\" class=\"rev-slidebg tp-rs-img rs-lazyload\" data-lazyload=\"\/\/www.icgfundacion.com\/wp-content\/uploads\/2017\/06\/5.png\" data-parallax=\"off\" data-no-retina>\n<!---->\t\t\t\t\t\t<\/rs-slide>\n\t\t\t\t\t\t<rs-slide data-key=\"rs-9\" data-title=\"Slide\" data-thumb=\"\/\/www.icgfundacion.com\/wp-content\/uploads\/2017\/06\/6-100x50.png\" data-duration=\"3000\" data-anim=\"ms:600;\" data-in=\"o:0;\" data-out=\"a:false;\">\n\t\t\t\t\t\t\t<img decoding=\"async\" src=\"\/\/www.icgfundacion.com\/wp-content\/plugins\/revslider\/public\/assets\/assets\/dummy.png\" title=\"Obra Social\" class=\"rev-slidebg tp-rs-img rs-lazyload\" data-lazyload=\"\/\/www.icgfundacion.com\/wp-content\/uploads\/2017\/06\/6.png\" data-parallax=\"off\" data-no-retina>\n<!---->\t\t\t\t\t\t<\/rs-slide>\n\t\t\t\t\t<\/rs-slides>\n\t\t\t\t<\/rs-module>\n\t\t\t\t<script type=\"text\/javascript\">\n\t\t\t\t\tsetREVStartSize({c: 'rev_slider_3_1',rl:[1240,1024,778,480],el:[],gw:[1240,1024,778,480],gh:[600,600,500,400],type:'standard',justify:'',layout:'fullwidth',mh:\"0\"});\n\t\t\t\t<\/script>\n\t\t\t<\/rs-module-wrap>\n\t\t\t<!-- END REVOLUTION SLIDER -->\n<\/div>\n<\/div>\n<div class=\"\">\n<h2 class=\"textEnfasis\">Escuelas de segunda oportunidad, acciones de desarrollo del conocimiento en zonas rurales&#8230;<\/h2>\n<div class=\"fullWidth\"><img loading=\"lazy\" decoding=\"async\" class=\"rImg\" src=\"http:\/\/www.icgfundacion.com\/wp-content\/uploads\/recursos\/obrasocial\/obra_social_3.png\" alt=\"icgfundaci\u00f3-obra-social-ajuda-amb-la-educaci\u00f3-de-pa\u00efsos-en-dessenvolupament\" width=\"980\" height=\"525\" \/><\/div>\n<\/div>\n<\/div>\n<\/div>\n<div class=\"noneBackground\">\n<div class=\"customWidth\">\n<div class=\"insertLogoCenter\">\n<p><img decoding=\"async\" class=\"imgLogo\" src=\"http:\/\/www.icgfundacion.com\/wp-content\/uploads\/2017\/05\/logo_accion_social.png\" alt=\"logo-icg-museu\" width=\"100\" \/><\/p>\n<div class=\"textLogo\">\n<p class=\"insertLogoURL\">\n<\/div>\n<\/div>\n<p>&nbsp;<\/p>\n<\/div>\n<\/div>\n<\/div>\n<p>[\/vc_column_text][\/vc_column][\/vc_row]<\/p>\n","protected":false},"excerpt":{"rendered":"<p>[vc_row][vc_column][vc_column_text] COOPERACI\u00d3N E INTEGRACI\u00d3N SOCIAL Desde la Fundaci\u00f3n ICG destinamos parte de nuestros esfuerzos y recursos a la acci\u00f3n social. Colaboramos con otras entidades que trabajan para que j\u00f3venes con dificultades o en peligro de exclusi\u00f3n social puedan construirse un futuro a trav\u00e9s de la&#8230;<\/p>\n","protected":false},"author":1,"featured_media":0,"parent":753,"menu_order":0,"comment_status":"closed","ping_status":"closed","template":"full-width-fundacion.php","meta":{"footnotes":""},"class_list":["post-683","page","type-page","status-publish","hentry"],"_links":{"self":[{"href":"http:\/\/www.icgfundacion.com\/es\/wp-json\/wp\/v2\/pages\/683","targetHints":{"allow":["GET"]}}],"collection":[{"href":"http:\/\/www.icgfundacion.com\/es\/wp-json\/wp\/v2\/pages"}],"about":[{"href":"http:\/\/www.icgfundacion.com\/es\/wp-json\/wp\/v2\/types\/page"}],"author":[{"embeddable":true,"href":"http:\/\/www.icgfundacion.com\/es\/wp-json\/wp\/v2\/users\/1"}],"replies":[{"embeddable":true,"href":"http:\/\/www.icgfundacion.com\/es\/wp-json\/wp\/v2\/comments?post=683"}],"version-history":[{"count":26,"href":"http:\/\/www.icgfundacion.com\/es\/wp-json\/wp\/v2\/pages\/683\/revisions"}],"predecessor-version":[{"id":1180,"href":"http:\/\/www.icgfundacion.com\/es\/wp-json\/wp\/v2\/pages\/683\/revisions\/1180"}],"up":[{"embeddable":true,"href":"http:\/\/www.icgfundacion.com\/es\/wp-json\/wp\/v2\/pages\/753"}],"wp:attachment":[{"href":"http:\/\/www.icgfundacion.com\/es\/wp-json\/wp\/v2\/media?parent=683"}],"curies":[{"name":"wp","href":"https:\/\/api.w.org\/{rel}","templated":true}]}}